{"id":29,"date":"2024-03-15T09:34:39","date_gmt":"2024-03-15T09:34:39","guid":{"rendered":"https:\/\/www.devrimciproletarya.net\/?page_id=29"},"modified":"2024-03-15T09:36:23","modified_gmt":"2024-03-15T09:36:23","slug":"bir-kadin-eyleminin-daha-ardindan-gulistan-doku-nerede","status":"publish","type":"page","link":"http:\/\/www.devrimciproletarya.net\/?page_id=29","title":{"rendered":"Bir Kad\u0131n Eyleminin Daha Ard\u0131ndan\u2026 G\u00fclistan Doku Nerede?"},"content":{"rendered":"\n<p>5 Ocak 2019\u2019dan bu yana kendisinden haber al\u0131namayan G\u00fclistan Doku i\u00e7in ailesi taraf\u0131ndan hukuksal s\u00fcre\u00e7 \u201cs\u00f6zde\u201d i\u015flemeye devam ediyor. Ancak bir senedir kay\u0131p olan gen\u00e7 kad\u0131n hakk\u0131nda hen\u00fcz bir a\u015fama kaydedilemedi yetkililer taraf\u0131ndan.<\/p>\n\n\n\n<p>D\u00fcn \u00fczerinden tam bir y\u0131l ge\u00e7en s\u00fcre\u00e7te, kad\u0131nlar, sokaklarda G\u00fclistan Doku\u2019nun kayb\u0131n\u0131n sesini y\u00fckseltmek i\u00e7in bir \u00e7ok ilde bir araya geldiler.<\/p>\n\n\n\n<p>Ankara\u2019da ger\u00e7ekle\u015ftirilmek istenen eyleme dair kad\u0131nlar\u0131n u\u011frad\u0131\u011f\u0131 \u015fiddet, \u015fiddetin yetkili kad\u0131nlarca katmerlendirilmesi daha bir dikkate de\u011ferdi.<\/p>\n\n\n\n<p>Bir senedir haber al\u0131namayan gen\u00e7 bir kad\u0131na sahip \u00e7\u0131kan bir \u00e7ok kad\u0131n yine ba\u015fka \u201ckad\u0131n\u201dlar\u0131n zulm\u00fcyle kar\u015f\u0131 kar\u015f\u0131ya geldiler. Bu da asl\u0131nda \u015fiddetin \u201cerk\u201dekli\u011fini bir kez daha g\u00f6zler \u00f6n\u00fcne serdi. Yani fa\u015fist bir erk in hizmetindeysen cinsiyetinden s\u0131yr\u0131l\u0131yorsun. Fa\u015fizmin uygulay\u0131c\u0131s\u0131 olduysan e\u011fer cinsiyetinden s\u0131yr\u0131l\u0131yorsun. &nbsp;\u00d6nce kendinin de kad\u0131n oldu\u011funu iddia eden bir \u201ckad\u0131n\u201d polisin zulm\u00fc ile kar\u015f\u0131la\u015ft\u0131lar. Kad\u0131n olma kisvesi alt\u0131nda, G\u00fclistan\u2019\u0131n sesi olan kad\u0131nlar ilk darbeyi burada ald\u0131lar, ilk engel burada ba\u015flad\u0131. Ama kad\u0131nlar birlikte g\u00fc\u00e7 olup, kol kola girerek bu engeli a\u015ft\u0131lar ilkin. Sonras\u0131nda sald\u0131r\u0131, darp, g\u00f6zalt\u0131\u2026 Hastane s\u00fcrecinde yine bir \u201ckad\u0131n\u201d doktor \u00e7\u0131kt\u0131 kar\u015f\u0131lar\u0131na. Bu kad\u0131n da bu erk egemen zihniyetin bir \u00fcr\u00fcn\u00fcyd\u00fc asl\u0131nda. Kay\u0131p bir kad\u0131n i\u00e7in ses y\u00fckselten ba\u015fka kad\u0131nlara ikinci zul\u00fcm yine ba\u015fka bir kad\u0131n\u2019 \u0131n engeline tak\u0131ld\u0131. T\u00fcrl\u00fc hakaret, yok sayma, fa\u015fist iktidar\u0131 tekrar tekrar var eden bir tutum\u2026<\/p>\n\n\n\n<p>\u201cAk\u0131l al\u0131r de\u011fil\u201d ifadesiyle c\u00fcmleye ba\u015flamam\u0131z beklenirken asl\u0131nda tam tersi tam ak\u0131l i\u015fi bir tutum. Burada mesele t\u00fcm kad\u0131nlar\u0131 i\u00e7eren bir sahiplenme olmad\u0131\u011f\u0131\u2026 t\u0131pk\u0131 uluslarda oldu\u011fu gibi cinsiyetlerde de iki taraf var\u2026 ezen ve ezilen\u2026 i\u015f\u00e7i s\u0131n\u0131f\u0131 ve kar\u015f\u0131s\u0131nda hem burjuvazi hem de burjuva iktidar\u0131n\u0131n s\u00fcrd\u00fcr\u00fcc\u00fcleri\u2026 dolay\u0131s\u0131yla hem kad\u0131n polisin, hem kad\u0131n doktorun taraf\u0131 burada belirleyici tutum ald\u0131r\u0131yor! As\u0131l olarak sadece kad\u0131n diyerek benzer tutum beklemek ak\u0131l d\u0131\u015f\u0131l\u0131k olur! &nbsp;&nbsp;&nbsp;&nbsp;<\/p>\n","protected":false},"excerpt":{"rendered":"<p>5 Ocak 2019\u2019dan bu yana kendisinden haber al\u0131namayan G\u00fclistan Doku i\u00e7in ailesi taraf\u0131ndan hukuksal s\u00fcre\u00e7 \u201cs\u00f6zde\u201d i\u015flemeye devam ediyor. Ancak bir senedir kay\u0131p olan gen\u00e7 kad\u0131n hakk\u0131nda hen\u00fcz bir a\u015fama kaydedilemedi yetkililer taraf\u0131ndan. D\u00fcn \u00fczerinden tam bir y\u0131l ge\u00e7en s\u00fcre\u00e7te, kad\u0131nlar, sokaklarda G\u00fclistan Doku\u2019nun kayb\u0131n\u0131n sesini y\u00fckseltmek i\u00e7in bir \u00e7ok ilde bir araya geldiler. Ankara\u2019da [&hellip;]<\/p>\n","protected":false},"author":1,"featured_media":0,"parent":25,"menu_order":1,"comment_status":"closed","ping_status":"closed","template":"","meta":{"footnotes":""},"class_list":["post-29","page","type-page","status-publish","hentry"],"_links":{"self":[{"href":"http:\/\/www.devrimciproletarya.net\/index.php?rest_route=\/wp\/v2\/pages\/29","targetHints":{"allow":["GET"]}}],"collection":[{"href":"http:\/\/www.devrimciproletarya.net\/index.php?rest_route=\/wp\/v2\/pages"}],"about":[{"href":"http:\/\/www.devrimciproletarya.net\/index.php?rest_route=\/wp\/v2\/types\/page"}],"author":[{"embeddable":true,"href":"http:\/\/www.devrimciproletarya.net\/index.php?rest_route=\/wp\/v2\/users\/1"}],"replies":[{"embeddable":true,"href":"http:\/\/www.devrimciproletarya.net\/index.php?rest_route=%2Fwp%2Fv2%2Fcomments&post=29"}],"version-history":[{"count":1,"href":"http:\/\/www.devrimciproletarya.net\/index.php?rest_route=\/wp\/v2\/pages\/29\/revisions"}],"predecessor-version":[{"id":30,"href":"http:\/\/www.devrimciproletarya.net\/index.php?rest_route=\/wp\/v2\/pages\/29\/revisions\/30"}],"up":[{"embeddable":true,"href":"http:\/\/www.devrimciproletarya.net\/index.php?rest_route=\/wp\/v2\/pages\/25"}],"wp:attachment":[{"href":"http:\/\/www.devrimciproletarya.net\/index.php?rest_route=%2Fwp%2Fv2%2Fmedia&parent=29"}],"curies":[{"name":"wp","href":"https:\/\/api.w.org\/{rel}","templated":true}]}}